{"id":1255,"date":"2009-05-11T11:11:18","date_gmt":"2009-05-11T09:11:18","guid":{"rendered":"http:\/\/elnostreraco.com\/blog\/?page_id=2"},"modified":"2015-09-18T16:53:22","modified_gmt":"2015-09-18T14:53:22","slug":"quant-a","status":"publish","type":"page","link":"https:\/\/elnostreraco.com\/blog\/quant-a\/","title":{"rendered":"Qui s\u00f3c"},"content":{"rendered":"<p>Em dic Jordi Rosell i s\u00f3c d&#8217;Aiguafreda. A 50 km de Barcelona, entre Granollers i Vic, fa frontera d&#8217;Osona i del Vall\u00e9s Oriental i est\u00e0 tocant a Sant Mart\u00ed de Centelles. Vaig n\u00e9ixer a Barcelona i he viscut a La Garriga i a Centelles. Ara visc a les portes del Montseny.<\/p>\n<p><img loading=\"lazy\" decoding=\"async\" class=\"aligncenter size-full wp-image-2258\" src=\"http:\/\/elnostreraco.com\/blog\/wp-content\/uploads\/aiguafreda1.jpg\" alt=\"aiguafreda\" width=\"700\" height=\"394\" srcset=\"https:\/\/elnostreraco.com\/blog\/wp-content\/uploads\/aiguafreda1.jpg 700w, https:\/\/elnostreraco.com\/blog\/wp-content\/uploads\/aiguafreda1-300x169.jpg 300w\" sizes=\"auto, (max-width: 700px) 100vw, 700px\" \/><\/p>\n<p>Estic\u00a0acostumat\u00a0a treballar en remot amb\u00a0clients internacionals i de fora de Catalunya. M&#8217;agrada treballar\u00a0des del despatx de casa meva. Hi treballo b\u00e9.<\/p>\n<p>He llegit molt. Llegeixo molt. Durant anys he anat cada dia a treballar a Barcelona amb el tren de rodalies Renfe. Amb la l\u00ednia\u00a0R3 es tarda 1h (45min per\u00a0l&#8217;autopista).\u00a0Anar amb tren et permet aprofitar el temps.<\/p>\n<blockquote class=\"twitter-tweet\" lang=\"ca\"><p>My favorite book shelf <a href=\"http:\/\/t.co\/rCWrG3S6R9\">pic.twitter.com\/rCWrG3S6R9<\/a> Thanks to <a href=\"https:\/\/twitter.com\/tim_ash\">@tim_ash<\/a> <a href=\"https:\/\/twitter.com\/TheGrok\">@thegrok<\/a> <a href=\"https:\/\/twitter.com\/avinash\">@avinash<\/a> <a href=\"https:\/\/twitter.com\/skrug\">@skrug<\/a> <a href=\"https:\/\/twitter.com\/jnd1er\">@jnd1er<\/a> <a href=\"https:\/\/twitter.com\/Malarkey\">@Malarkey<\/a> <a href=\"https:\/\/twitter.com\/wasbuxton\">@wasbuxton<\/a> <a href=\"https:\/\/twitter.com\/Edward_deBono\">@Edward_deBono<\/a><\/p>\n<p>\u2014 Jordi Rosell (@jrosell) <a href=\"https:\/\/twitter.com\/jrosell\/status\/457588813989445633\">April 19, 2014<\/a><\/p><\/blockquote>\n<p><script src=\"\/\/platform.twitter.com\/widgets.js\" async=\"\" charset=\"utf-8\"><\/script><br \/>\n Sempre he tingut molt interioritzat el &#8216;learning by doing&#8217;. Vaig estudiar a la Facultat d&#8217;Inform\u00e0tica de Barcelona, al campus nord de la UPC. Compaginava els estudis amb feines en diferents projectes. Al acabar l&#8217;enginyeria t\u00e8cnica en inform\u00e0tica de sistemes vaig entrar a everis com a consultor de sistemes. Van ser 3 anys amb moltes incid\u00e8ncies, gestions, dades, informes, recomanacions. Despr\u00e9s, des del 2007 a einnova, vaig estar 7 anys fent SEO, ecommerce, anal\u00edtica web, PPC i CRO.<\/p>\n<p>2011 i 2012\u00a0van ser intensos. Vaig fer-me <a title=\"Speaking\" href=\"http:\/\/elnostreraco.com\/blog\/speaking\/\">conferenciant<\/a> i <a title=\"Formaci\u00f3 i coaching\" href=\"http:\/\/elnostreraco.com\/blog\/formacio-coaching\/\">professor<\/a>\u00a0de CRO. Vaig aconseguir\u00a02 anys consecutius el premi\u00a0eAwards d&#8217;Anal\u00edtica web que atorga la fira eShow.<\/p>\n<p>Des de llavors que he anat col\u00b7laborant amb diferents escoles de negocis com a <a title=\"Formaci\u00f3 i coaching\" href=\"http:\/\/elnostreraco.com\/blog\/formacio-coaching\/\">professor<\/a> en Ecommerce, Anal\u00edtica web, SEM i CRO i en diferents esdeveniments com a <a title=\"Speaking\" href=\"http:\/\/elnostreraco.com\/blog\/speaking\/\">conferenciant<\/a>.<\/p>\n<p>El juny de 2014 vaig decidir deixar\u00a0einnova. Volia deixar de fer <a href=\"http:\/\/elnostreraco.com\/blog\/marketing\/consultor-seo-barcelona\/\">SEO<\/a> i deixar de treballar en ag\u00e8ncia.<\/p>\n<p>Com a consultor independent, estic centrat al 100% en CRO i en Ecommerce. \u00daltimament he fet els seg\u00fcents treballs:<\/p>\n<ul>\n<li>Disseny de p\u00e0gines de dest\u00ed persuasives per campanyes publicit\u00e0ries d&#8217;Adwords o email marketing.<\/li>\n<li>Implantaci\u00f3 d&#8217;anal\u00edtica web en ecommerce Magento utiltizant Google Universal Analytics amb Enchanced Ecommerce.<\/li>\n<li>Assessor en redisseny Ecommerce.<\/li>\n<li>Auditoria de problemes de conversi\u00f3 Ecommerce.<\/li>\n<li>Estudi expert d&#8217;usabilitat i conversi\u00f3 per Ecommerce.<\/li>\n<li>An\u00e0lisi i recomanaci\u00f3\u00a0estrat\u00e8gia\u00a0publicit\u00e0ria\u00a0online\u00a0(display, cerca, remarketing).<\/li>\n<li>Mentor de\u00a0projectes Ecommerce.<\/li>\n<li>Coordinaci\u00f3 de projectes de desenvolupament Prestashop i Magento.<\/li>\n<li>Programaci\u00f3 d&#8217;informes a mida per l&#8217;an\u00e0lisi de dades publicit\u00e0ries.<\/li>\n<li>Recomanaci\u00f3 estrat\u00e8gica en Ecommerce utilitzant Personas i Escenaris.<\/li>\n<li>An\u00e1lisi de heatmaps de moviment, scroll i clics.<\/li>\n<li>Elaboraci\u00f3 d&#8217;estudi amb entrevistes i enquestes &#8220;in-page&#8221;.<\/li>\n<li>Realitzaci\u00f3 de tests A\/B.<\/li>\n<li>Desenvolupament d&#8217;optimitzaci\u00f3 de feed de Google Shopping.<\/li>\n<li>Automatitzaci\u00f3 de comptes PPC\u00a0amb Google Adwords Script.<\/li>\n<\/ul>\n<p>&nbsp;<\/p>\n<h3>Perfil professional<\/h3>\n<div style=\"float: right;\">\n<figure id=\"attachment_1162\" aria-describedby=\"caption-attachment-1162\" style=\"width: 220px\" class=\"wp-caption alignnone\"><a href=\"http:\/\/www.apmg-international.com\/SCRQuery.aspx?exam=p2\" target=\"_blank\"><img decoding=\"async\" class=\"size-large wp-image-1162 \" src=\"http:\/\/elnostreraco.com\/blog\/wp-content\/uploads\/prince2.png\" alt=\"Prince foundations certified\" width=\"220\" \/><\/a><figcaption id=\"caption-attachment-1162\" class=\"wp-caption-text\">Gesti\u00f3 de projectes Prince2 Foundations (Candidate No. P2R\/817552)<\/figcaption><\/figure>\n<figure id=\"attachment_1200\" aria-describedby=\"caption-attachment-1200\" style=\"width: 240px\" class=\"wp-caption alignnone\"><img loading=\"lazy\" decoding=\"async\" class=\"size-full wp-image-1200\" src=\"http:\/\/elnostreraco.com\/blog\/wp-content\/uploads\/adwords_qualifie.jpg\" alt=\"adwords_qualified\" width=\"240\" height=\"240\" \/><figcaption id=\"caption-attachment-1200\" class=\"wp-caption-text\">Especialista Google Adwords en:<br \/>\nPublicitat de cerca<br \/>\nPublicitat gr\u00e0fica<br \/>\nInformes i an\u00e0lisi<\/figcaption><\/figure>\n<\/div>\n<p><script src=\"\/\/platform.linkedin.com\/in.js\" type=\"text\/javascript\"><\/script><br \/>\n<script type=\"IN\/MemberProfile\" data-id=\"https:\/\/www.linkedin.com\/in\/jroselln\" data-format=\"inline\"><\/script><\/p>\n<h3>Tenir resultats<\/h3>\n<p>Ara que ja em coneixes millor. <a href=\"http:\/\/elnostreraco.com\/blog\/contacta\">Contacta ara<\/a> i no perdis l&#8217;oportunitat de tenir resultats.<\/p>\n","protected":false},"excerpt":{"rendered":"<p>Em dic Jordi Rosell i s\u00f3c d&#8217;Aiguafreda. A 50 km de Barcelona, entre Granollers i Vic, fa frontera d&#8217;Osona i del Vall\u00e9s Oriental i est\u00e0 tocant a Sant Mart\u00ed de Centelles. Vaig n\u00e9ixer a Barcelona &hellip; <\/p>\n","protected":false},"author":1,"featured_media":0,"parent":0,"menu_order":1,"comment_status":"closed","ping_status":"closed","template":"","meta":{"footnotes":""},"class_list":["post-1255","page","type-page","status-publish","hentry"],"yoast_head":"<!-- This site is optimized with the Yoast SEO plugin v27.1.1 - https:\/\/yoast.com\/product\/yoast-seo-wordpress\/ -->\n<title>Qui s\u00f3c ~ Jordi Rosell<\/title>\n<meta name=\"robots\" content=\"index, follow, max-snippet:-1, max-image-preview:large, max-video-preview:-1\" \/>\n<link rel=\"canonical\" href=\"https:\/\/elnostreraco.com\/blog\/quant-a\/\" \/>\n<meta property=\"og:locale\" content=\"ca_ES\" \/>\n<meta property=\"og:type\" content=\"article\" \/>\n<meta property=\"og:title\" content=\"Qui s\u00f3c ~ Jordi Rosell\" \/>\n<meta property=\"og:description\" content=\"Em dic Jordi Rosell i s\u00f3c d&#8217;Aiguafreda. A 50 km de Barcelona, entre Granollers i Vic, fa frontera d&#8217;Osona i del Vall\u00e9s Oriental i est\u00e0 tocant a Sant Mart\u00ed de Centelles. Vaig n\u00e9ixer a Barcelona &hellip;\" \/>\n<meta property=\"og:url\" content=\"https:\/\/elnostreraco.com\/blog\/quant-a\/\" \/>\n<meta property=\"og:site_name\" content=\"Jordi Rosell\" \/>\n<meta property=\"article:modified_time\" content=\"2015-09-18T14:53:22+00:00\" \/>\n<meta property=\"og:image\" content=\"http:\/\/elnostreraco.com\/blog\/wp-content\/uploads\/aiguafreda1.jpg\" \/>\n<meta name=\"twitter:card\" content=\"summary_large_image\" \/>\n<meta name=\"twitter:site\" content=\"@jrosell\" \/>\n<meta name=\"twitter:label1\" content=\"Temps estimat de lectura\" \/>\n\t<meta name=\"twitter:data1\" content=\"3 minuts\" \/>\n<script type=\"application\/ld+json\" class=\"yoast-schema-graph\">{\"@context\":\"https:\/\/schema.org\",\"@graph\":[{\"@type\":\"WebPage\",\"@id\":\"https:\/\/elnostreraco.com\/blog\/quant-a\/\",\"url\":\"https:\/\/elnostreraco.com\/blog\/quant-a\/\",\"name\":\"Qui s\u00f3c ~ Jordi Rosell\",\"isPartOf\":{\"@id\":\"https:\/\/elnostreraco.com\/blog\/#website\"},\"primaryImageOfPage\":{\"@id\":\"https:\/\/elnostreraco.com\/blog\/quant-a\/#primaryimage\"},\"image\":{\"@id\":\"https:\/\/elnostreraco.com\/blog\/quant-a\/#primaryimage\"},\"thumbnailUrl\":\"http:\/\/elnostreraco.com\/blog\/wp-content\/uploads\/aiguafreda1.jpg\",\"datePublished\":\"2009-05-11T09:11:18+00:00\",\"dateModified\":\"2015-09-18T14:53:22+00:00\",\"breadcrumb\":{\"@id\":\"https:\/\/elnostreraco.com\/blog\/quant-a\/#breadcrumb\"},\"inLanguage\":\"ca\",\"potentialAction\":[{\"@type\":\"ReadAction\",\"target\":[\"https:\/\/elnostreraco.com\/blog\/quant-a\/\"]}]},{\"@type\":\"ImageObject\",\"inLanguage\":\"ca\",\"@id\":\"https:\/\/elnostreraco.com\/blog\/quant-a\/#primaryimage\",\"url\":\"http:\/\/elnostreraco.com\/blog\/wp-content\/uploads\/aiguafreda1.jpg\",\"contentUrl\":\"http:\/\/elnostreraco.com\/blog\/wp-content\/uploads\/aiguafreda1.jpg\"},{\"@type\":\"BreadcrumbList\",\"@id\":\"https:\/\/elnostreraco.com\/blog\/quant-a\/#breadcrumb\",\"itemListElement\":[{\"@type\":\"ListItem\",\"position\":1,\"name\":\"Inici\",\"item\":\"https:\/\/elnostreraco.com\/blog\/\"},{\"@type\":\"ListItem\",\"position\":2,\"name\":\"Qui s\u00f3c\"}]},{\"@type\":\"WebSite\",\"@id\":\"https:\/\/elnostreraco.com\/blog\/#website\",\"url\":\"https:\/\/elnostreraco.com\/blog\/\",\"name\":\"Jordi Rosell\",\"description\":\"Conversi\u00f3, eCommerce i Marketing online\",\"potentialAction\":[{\"@type\":\"SearchAction\",\"target\":{\"@type\":\"EntryPoint\",\"urlTemplate\":\"https:\/\/elnostreraco.com\/blog\/?s={search_term_string}\"},\"query-input\":{\"@type\":\"PropertyValueSpecification\",\"valueRequired\":true,\"valueName\":\"search_term_string\"}}],\"inLanguage\":\"ca\"}]}<\/script>\n<!-- \/ Yoast SEO plugin. -->","yoast_head_json":{"title":"Qui s\u00f3c ~ Jordi Rosell","robots":{"index":"index","follow":"follow","max-snippet":"max-snippet:-1","max-image-preview":"max-image-preview:large","max-video-preview":"max-video-preview:-1"},"canonical":"https:\/\/elnostreraco.com\/blog\/quant-a\/","og_locale":"ca_ES","og_type":"article","og_title":"Qui s\u00f3c ~ Jordi Rosell","og_description":"Em dic Jordi Rosell i s\u00f3c d&#8217;Aiguafreda. A 50 km de Barcelona, entre Granollers i Vic, fa frontera d&#8217;Osona i del Vall\u00e9s Oriental i est\u00e0 tocant a Sant Mart\u00ed de Centelles. Vaig n\u00e9ixer a Barcelona &hellip;","og_url":"https:\/\/elnostreraco.com\/blog\/quant-a\/","og_site_name":"Jordi Rosell","article_modified_time":"2015-09-18T14:53:22+00:00","og_image":[{"url":"http:\/\/elnostreraco.com\/blog\/wp-content\/uploads\/aiguafreda1.jpg","type":"","width":"","height":""}],"twitter_card":"summary_large_image","twitter_site":"@jrosell","twitter_misc":{"Temps estimat de lectura":"3 minuts"},"schema":{"@context":"https:\/\/schema.org","@graph":[{"@type":"WebPage","@id":"https:\/\/elnostreraco.com\/blog\/quant-a\/","url":"https:\/\/elnostreraco.com\/blog\/quant-a\/","name":"Qui s\u00f3c ~ Jordi Rosell","isPartOf":{"@id":"https:\/\/elnostreraco.com\/blog\/#website"},"primaryImageOfPage":{"@id":"https:\/\/elnostreraco.com\/blog\/quant-a\/#primaryimage"},"image":{"@id":"https:\/\/elnostreraco.com\/blog\/quant-a\/#primaryimage"},"thumbnailUrl":"http:\/\/elnostreraco.com\/blog\/wp-content\/uploads\/aiguafreda1.jpg","datePublished":"2009-05-11T09:11:18+00:00","dateModified":"2015-09-18T14:53:22+00:00","breadcrumb":{"@id":"https:\/\/elnostreraco.com\/blog\/quant-a\/#breadcrumb"},"inLanguage":"ca","potentialAction":[{"@type":"ReadAction","target":["https:\/\/elnostreraco.com\/blog\/quant-a\/"]}]},{"@type":"ImageObject","inLanguage":"ca","@id":"https:\/\/elnostreraco.com\/blog\/quant-a\/#primaryimage","url":"http:\/\/elnostreraco.com\/blog\/wp-content\/uploads\/aiguafreda1.jpg","contentUrl":"http:\/\/elnostreraco.com\/blog\/wp-content\/uploads\/aiguafreda1.jpg"},{"@type":"BreadcrumbList","@id":"https:\/\/elnostreraco.com\/blog\/quant-a\/#breadcrumb","itemListElement":[{"@type":"ListItem","position":1,"name":"Inici","item":"https:\/\/elnostreraco.com\/blog\/"},{"@type":"ListItem","position":2,"name":"Qui s\u00f3c"}]},{"@type":"WebSite","@id":"https:\/\/elnostreraco.com\/blog\/#website","url":"https:\/\/elnostreraco.com\/blog\/","name":"Jordi Rosell","description":"Conversi\u00f3, eCommerce i Marketing online","potentialAction":[{"@type":"SearchAction","target":{"@type":"EntryPoint","urlTemplate":"https:\/\/elnostreraco.com\/blog\/?s={search_term_string}"},"query-input":{"@type":"PropertyValueSpecification","valueRequired":true,"valueName":"search_term_string"}}],"inLanguage":"ca"}]}},"_links":{"self":[{"href":"https:\/\/elnostreraco.com\/blog\/wp-json\/wp\/v2\/pages\/1255","targetHints":{"allow":["GET"]}}],"collection":[{"href":"https:\/\/elnostreraco.com\/blog\/wp-json\/wp\/v2\/pages"}],"about":[{"href":"https:\/\/elnostreraco.com\/blog\/wp-json\/wp\/v2\/types\/page"}],"author":[{"embeddable":true,"href":"https:\/\/elnostreraco.com\/blog\/wp-json\/wp\/v2\/users\/1"}],"replies":[{"embeddable":true,"href":"https:\/\/elnostreraco.com\/blog\/wp-json\/wp\/v2\/comments?post=1255"}],"version-history":[{"count":64,"href":"https:\/\/elnostreraco.com\/blog\/wp-json\/wp\/v2\/pages\/1255\/revisions"}],"predecessor-version":[{"id":2409,"href":"https:\/\/elnostreraco.com\/blog\/wp-json\/wp\/v2\/pages\/1255\/revisions\/2409"}],"wp:attachment":[{"href":"https:\/\/elnostreraco.com\/blog\/wp-json\/wp\/v2\/media?parent=1255"}],"curies":[{"name":"wp","href":"https:\/\/api.w.org\/{rel}","templated":true}]}}